{"id":1067,"date":"2017-05-03T23:33:16","date_gmt":"2017-05-03T23:33:16","guid":{"rendered":"https:\/\/www.gusp.org\/approche-paix-et-cerveau-le-stress-altere-le-fonctionnement-cerebral\/"},"modified":"2017-06-02T16:26:26","modified_gmt":"2017-06-02T16:26:26","slug":"approche-paix-et-cerveau-le-stress-altere-le-fonctionnement-cerebral","status":"publish","type":"page","link":"https:\/\/www.gusp.org\/fr\/desamorcer-les-crises-mondiales\/approche-paix-et-cerveau-le-stress-altere-le-fonctionnement-cerebral\/","title":{"rendered":"Approche de la paix fond\u00e9e sur la conscience: Le stress alt\u00e8re le fonctionnement c\u00e9r\u00e9bral"},"content":{"rendered":"<h1 class=\"ms\">Approche de la paix fond\u00e9e sur la conscience<\/h1>\n<h3>2. En affectant le cerveau, le stress influence n\u00e9gativement le comportement<\/h3>\n<p>Le fonctionnement c\u00e9r\u00e9bral et le d\u00e9veloppement g\u00e9n\u00e9ral du cerveau varient selon l\u2019\u00e2ge, le niveau d\u2019\u00e9ducation, le patrimoine g\u00e9n\u00e9tique et les facteurs environnementaux tels que le stress.<\/p>\n<p>Le stress inhibe le cortex pr\u00e9frontal et dirige la circulation sanguine vers le cerveau primitif (ou cerveau r\u00e9actif) au d\u00e9triment du cerveau sup\u00e9rieur\u00a0; ce r\u00e9flexe de d\u00e9fense ancien est connu sous le nom de \u00ab r\u00e9action de lutte ou de fuite\u00a0\u00bb. Malheureusement, sous l\u2019influence du stress chronique, de plus en plus pr\u00e9sent dans le monde contemporain, le cortex pr\u00e9frontal est en permanence inhib\u00e9 et n\u2019arrive pas \u00e0 se d\u00e9velopper correctement. Le sous-d\u00e9veloppement et\/ou la sous-utilisation du cortex pr\u00e9frontal est une cause fondamentale de la violence g\u00e9n\u00e9ralis\u00e9e qui s\u00e9vit dans nos soci\u00e9t\u00e9s.<\/p>\n<p><img loading=\"lazy\" decoding=\"async\" class=\"alignleft size-full diagram wp-image-408\" src=\"\/wp-content\/uploads\/2017\/06\/fr_diagram-prefrontal-cortex.png\" alt=\"\" width=\"740\" height=\"325\" \/><\/p>\n<p>Le stress traumatique s\u2019accompagne \u00e9galement d\u2019une hyperexcitation de l\u2019agmydale, une condition m\u00e9dicale rencontr\u00e9e chez des millions de militaires et de civils qui souffrent du syndrome de stress post-traumatique (SSPT). Ces personnes manifestent une peur chronique, per\u00e7oivent des menaces l\u00e0 o\u00f9 elles n\u2019existent pas et tendent \u00e0 r\u00e9agir en cons\u00e9quence.<\/p>\n","protected":false},"excerpt":{"rendered":"<p>Approche de la paix fond\u00e9e sur la conscience 2. En affectant le cerveau, le stress influence n\u00e9gativement le comportement Le fonctionnement c\u00e9r\u00e9bral et le d\u00e9veloppement g\u00e9n\u00e9ral du cerveau varient selon l\u2019\u00e2ge, le niveau d\u2019\u00e9ducation, le patrimoine g\u00e9n\u00e9tique et les facteurs environnementaux tels que le stress. Le stress inhibe le cortex pr\u00e9frontal et dirige la circulation&#8230;<\/p>\n","protected":false},"author":17,"featured_media":0,"parent":1613,"menu_order":287,"comment_status":"closed","ping_status":"closed","template":"","meta":{"footnotes":""},"class_list":["post-1067","page","type-page","status-publish","hentry"],"_links":{"self":[{"href":"https:\/\/www.gusp.org\/fr\/wp-json\/wp\/v2\/pages\/1067","targetHints":{"allow":["GET"]}}],"collection":[{"href":"https:\/\/www.gusp.org\/fr\/wp-json\/wp\/v2\/pages"}],"about":[{"href":"https:\/\/www.gusp.org\/fr\/wp-json\/wp\/v2\/types\/page"}],"author":[{"embeddable":true,"href":"https:\/\/www.gusp.org\/fr\/wp-json\/wp\/v2\/users\/17"}],"replies":[{"embeddable":true,"href":"https:\/\/www.gusp.org\/fr\/wp-json\/wp\/v2\/comments?post=1067"}],"version-history":[{"count":7,"href":"https:\/\/www.gusp.org\/fr\/wp-json\/wp\/v2\/pages\/1067\/revisions"}],"predecessor-version":[{"id":2068,"href":"https:\/\/www.gusp.org\/fr\/wp-json\/wp\/v2\/pages\/1067\/revisions\/2068"}],"up":[{"embeddable":true,"href":"https:\/\/www.gusp.org\/fr\/wp-json\/wp\/v2\/pages\/1613"}],"wp:attachment":[{"href":"https:\/\/www.gusp.org\/fr\/wp-json\/wp\/v2\/media?parent=1067"}],"curies":[{"name":"wp","href":"https:\/\/api.w.org\/{rel}","templated":true}]}}