{"id":1618,"date":"2017-05-19T11:58:39","date_gmt":"2017-05-19T11:58:39","guid":{"rendered":"https:\/\/www.gusp.org\/how-climate-change-drives-violent-conflict\/"},"modified":"2017-07-09T10:00:31","modified_gmt":"2017-07-09T15:00:31","slug":"comment-les-changements-climatiques-engendrent-des-conflits-violents","status":"publish","type":"page","link":"https:\/\/www.gusp.org\/fr\/climat-et-conflits\/comment-les-changements-climatiques-engendrent-des-conflits-violents\/","title":{"rendered":"Comment les changements climatiques engendrent des conflits violents"},"content":{"rendered":"<h1 style=\"margin-bottom: 12px;\"><a href=\"http:\/\/www.nytimes.com\/2016\/02\/23\/science\/sea-level-rise-global-warming-climate-change.html?_r=0\" target=\"_blank\" rel=\"noopener noreferrer\"><img loading=\"lazy\" decoding=\"async\" class=\"logo\" src=\"\/wp-content\/uploads\/2017\/04\/logo-washpost.png\" alt=\"The Washington Post\" width=\"379\" height=\"57\" \/><\/a><\/h1>\n<h1>Le changement climatique peut-il provoquer<\/h1>\n<h1>des conflits violents dans le monde\u00a0?<\/h1>\n<p class=\"small\">Chelsea Harvey, 26 juillet 2016<\/p>\n<div id=\"attachment_428\" style=\"width: 750px\" class=\"wp-caption alignnone align\"><img loading=\"lazy\" decoding=\"async\" aria-describedby=\"caption-attachment-428\" class=\"size-full wp-image-428\" src=\"\/wp-content\/uploads\/2017\/04\/photo_2016_07_26_washpost.jpg\" alt=\"Aleppo's Castello Road in Syria\" width=\"740\" height=\"335\" srcset=\"https:\/\/www.gusp.org\/wp-content\/uploads\/2017\/04\/photo_2016_07_26_washpost.jpg 740w, https:\/\/www.gusp.org\/wp-content\/uploads\/2017\/04\/photo_2016_07_26_washpost-300x136.jpg 300w, https:\/\/www.gusp.org\/wp-content\/uploads\/2017\/04\/photo_2016_07_26_washpost-200x91.jpg 200w\" sizes=\"auto, (max-width: 740px) 100vw, 740px\" \/><p id=\"caption-attachment-428\" class=\"wp-caption-text\">Nuages de fum\u00e9e apr\u00e8s des attaques a\u00e9riennes sur la route Castello d\u2019Alep en Syrie, 2 juin 2016<br \/>(photo: Abdalrhman Ismail\/Reuters)<\/p><\/div>\n<p>Il est de plus en plus \u00e9vident que les cons\u00e9quences du changement climatique ne se limiteront pas seulement \u00e0 des vagues de chaleurs et \u00e0 la mont\u00e9e du niveau des mers. Les scientifiques s\u2019attendent \u00e0 ce que de nombreux probl\u00e8mes sociaux apparaissent dans le monde entier, notamment des p\u00e9nuries alimentaires, une diminution de la qualit\u00e9 de l\u2019eau et des migrations forc\u00e9es. De nombreux experts affirment que les effets du d\u00e9r\u00e8glement climatique peuvent provoquer ou aggraver la violence, les guerres et d\u2019autres formes de conflits.<\/p>\n<p>Une nouvelle \u00e9tude, publi\u00e9e lundi dans le journal \u00ab\u00a0Proceedings of the National Academy of Sciences\u00a0\u00bb vient \u00e9tayer le nombre croissant de donn\u00e9es allant dans ce sens. L\u2019\u00e9tude montre que les catastrophes li\u00e9es au climat peuvent augmenter le risque de conflits arm\u00e9s, particuli\u00e8rement dans les pays marqu\u00e9s par de profonds clivages ethniques.<\/p>\n<p>\u00ab\u00a0C\u2019est un d\u00e9bat qui revient souvent \u2013 la question de savoir si le d\u00e9r\u00e8glement climatique peut vraiment d\u00e9clencher des conflits violents\u00a0\u00bb, nous dit Hans Joachim Schellnhuber, directeur de l\u2019Institut de Postdam pour la recherche sur l\u2019impact du climat et auteur principal de l\u2019article \u00ab\u00a0Certains disent oui, d\u2019autres disent non. Ce sujet suscite un d\u00e9bat anim\u00e9.\u00a0\u00bb<\/p>\n<p>Par le pass\u00e9 de nombreuses \u00e9tudes ont abord\u00e9 la question de savoir si les \u00e9v\u00e9nements climatiques pouvaient d\u00e9clencher des conflits humains. Certaines ont examin\u00e9 la question au plan mondial, d\u2019autres se sont focalis\u00e9es sur des \u00e9v\u00e9nements sp\u00e9cifiques. Plusieurs d\u2019entre elles consid\u00e8rent par exemple que la s\u00e9cheresse a \u00e9t\u00e9 l\u2019un des facteurs contributifs de la guerre civile en Syrie. Si la plupart des \u00e9tudes concluent qu\u2019il y a un lien entre climat et conflit, d\u2019autres consid\u00e8rent que ce lien est faible. La question demeure donc controvers\u00e9e.<\/p>\n<p>La nouvelle \u00e9tude cherche \u00e0 \u00e9claircir et \u00e0 apaiser le d\u00e9bat. Les chercheurs ont dress\u00e9 une liste des conflits arm\u00e9s et une autre des catastrophes naturelles dans le monde de 1980 \u00e0 2010. Pour chaque cas, ils ont analys\u00e9 l\u2019importance des pertes \u00e9conomiques subies par le pays o\u00f9 la catastrophe s\u2019est produite. Puis ils ont r\u00e9alis\u00e9 une analyse statistique pour tester l\u2019existence d\u2019un lien entre conflit et catastrophe.<\/p>\n<p>Schellnhuber explique qu\u2019ils \u00ab\u00a0n\u2019ont pas seulement r\u00e9alis\u00e9 une analyse de corr\u00e9lation mais aussi ce qu\u2019on appelle une analyse de co\u00efncidence qui d\u00e9termine quel \u00e9v\u00e9nement se produit en premier et quel autre lui succ\u00e8de, mettant ainsi en \u00e9vidence des rapports de cause \u00e0 effet\u00a0\u00bb. En r\u00e9sum\u00e9, les tests aident \u00e0 d\u00e9terminer si un \u00e9v\u00e9nement donn\u00e9 \u2013 une s\u00e9cheresse ou une vague de chaleur, etc. \u2013 a influenc\u00e9 le d\u00e9clenchement d\u2019un \u00e9v\u00e9nement survenu apr\u00e8s, par exemple un conflit arm\u00e9.<\/p>\n<p>Les chercheurs ont en outre class\u00e9 les pays selon des crit\u00e8res sp\u00e9cifiques susceptibles d\u2019influencer le d\u00e9clenchement d\u2019un conflit, tels que les in\u00e9galit\u00e9s de revenu, les divisions religieuses et les divisions ethniques. Ils ont ainsi mis en \u00e9vidence une corr\u00e9lation significative entre les catastrophes climatiques et l\u2019apparition de conflits violents, tout particuli\u00e8rement dans les pays marqu\u00e9s par de forts clivages ethniques<\/p>\n<p>Les autres facteurs semblent ne pas avoir d\u2019influence majeure ; seule l\u2019analyse des pays en fonction des clivages ethniques montre que les catastrophes climatiques exacerbent significativement l\u2019apparition de conflits. C&rsquo;est \u00e0 la fois le cas pour les catastrophes causant de grosses pertes \u00e9conomiques et pour celles causant de faibles pertes. En r\u00e9sum\u00e9, 23% des conflits arm\u00e9s dans des pays \u00e0 forts clivages ethniques sont corr\u00e9l\u00e9s \u00e0 des catastrophes li\u00e9es au climat.<\/p>\n<p>Schellnhuber conclut que \u00ab\u00a0nous ne pouvons certes pas expliquer toute la complexit\u00e9 de l\u2019\u00e9mergence des conflits violents, mais que nous avons l\u00e0 une conclusion solide et r\u00e9ellement importante.\u00a0\u00bb<\/p>\n<p>Les auteurs soulignent que leurs r\u00e9sultats ne signifient pas n\u00e9cessairement que les \u00e9v\u00e9nements climatiques sont la cause fondamentale de chaque conflit. Ils signifient seulement que ces \u00e9v\u00e9nements peuvent accro\u00eetre la probabilit\u00e9 d\u2019une \u00e9ruption de violence dans les lieux d\u00e9j\u00e0 pr\u00e9dispos\u00e9s aux conflits. Ils ont le potentiel d\u2019ass\u00e9ner le coup fatal l\u00e0 o\u00f9 des troubles existaient d\u00e9j\u00e0 \u00e0 l\u2019\u00e9tat latent.<\/p>\n","protected":false},"excerpt":{"rendered":"<p>Le changement climatique peut-il provoquer des conflits violents dans le monde\u00a0? Chelsea Harvey, 26 juillet 2016 Il est de plus en plus \u00e9vident que les cons\u00e9quences du changement climatique ne se limiteront pas seulement \u00e0 des vagues de chaleurs et \u00e0 la mont\u00e9e du niveau des mers. Les scientifiques s\u2019attendent \u00e0 ce que de nombreux&#8230;<\/p>\n","protected":false},"author":17,"featured_media":0,"parent":1626,"menu_order":0,"comment_status":"closed","ping_status":"closed","template":"","meta":{"footnotes":""},"class_list":["post-1618","page","type-page","status-publish","hentry"],"_links":{"self":[{"href":"https:\/\/www.gusp.org\/fr\/wp-json\/wp\/v2\/pages\/1618","targetHints":{"allow":["GET"]}}],"collection":[{"href":"https:\/\/www.gusp.org\/fr\/wp-json\/wp\/v2\/pages"}],"about":[{"href":"https:\/\/www.gusp.org\/fr\/wp-json\/wp\/v2\/types\/page"}],"author":[{"embeddable":true,"href":"https:\/\/www.gusp.org\/fr\/wp-json\/wp\/v2\/users\/17"}],"replies":[{"embeddable":true,"href":"https:\/\/www.gusp.org\/fr\/wp-json\/wp\/v2\/comments?post=1618"}],"version-history":[{"count":8,"href":"https:\/\/www.gusp.org\/fr\/wp-json\/wp\/v2\/pages\/1618\/revisions"}],"predecessor-version":[{"id":2689,"href":"https:\/\/www.gusp.org\/fr\/wp-json\/wp\/v2\/pages\/1618\/revisions\/2689"}],"up":[{"embeddable":true,"href":"https:\/\/www.gusp.org\/fr\/wp-json\/wp\/v2\/pages\/1626"}],"wp:attachment":[{"href":"https:\/\/www.gusp.org\/fr\/wp-json\/wp\/v2\/media?parent=1618"}],"curies":[{"name":"wp","href":"https:\/\/api.w.org\/{rel}","templated":true}]}}